{"id":389,"date":"2021-10-03T09:52:08","date_gmt":"2021-10-03T09:52:08","guid":{"rendered":"https:\/\/manuelenriquebalon.es\/?page_id=389"},"modified":"2021-10-03T10:33:21","modified_gmt":"2021-10-03T10:33:21","slug":"lecciones-de-tinieblas","status":"publish","type":"page","link":"https:\/\/manuelenriquebalon.es\/index.php\/lecciones-de-tinieblas\/","title":{"rendered":"Lecciones de tinieblas."},"content":{"rendered":"\n<figure class=\"wp-block-video\"><video controls src=\"https:\/\/manuelenriquebalon.es\/wp-content\/uploads\/2021\/02\/face.mp4\"><\/video><\/figure>\n\n\n\n<p>En la primavera de 2008, dentro del marco de FEMAS, \u00ab<em>Le poeme harmonique<\/em>\u00bb interpretaba en la Iglesia de la Magdalena las Lecciones de tinieblas de Michel-Richard Delalande. Este concierto (casi una performance, al recrear la antigua liturgia barroca de los Oficium tenebrae), y el sobrecogimiento final, con las naves de la iglesia en completa oscuridad, es el origen de \u00abLecciones de tinieblas; lecciones de luz\u00bb.<\/p>\n\n\n\n<p>\u00a0\u00a0\u00a0\u00a0\u00a0\u00a0\u00a0\u00a0\u00a0\u00a0\u00a0 Los \u00abOficios de Tinieblas\u00bb, g\u00e9nero sacro muy desarrollado en la m\u00fasica\u00a0 renacentista y barroca, conjugan la claridad, la limpieza de la m\u00fasica, con la oscuridad, tensa y amenazadora\u00a0 del texto de las \u00abLamentaciones\u00bb de Jerem\u00edas\u00a0 en el cual se basan todas ellas. La liturgia a la que se asocian estas obras data del siglo IX y se basa en ir apagando los cirios del templo de forma progresiva,\u00a0 para simbolizar los sufrimientos y\u00a0 la muerte de Cristo. No obstante, las Lecciones de las Tinieblas tienen su origen en el Antiguo Testamento, y m\u00e1s en concreto, en el libro de las Lamentaciones de Jerem\u00edas, o el libro de Jerem\u00edas\u00a0 a secas. Es un testimonio que expresa el sufrimiento por la destrucci\u00f3n de Jerusal\u00e9n por los invasores babilonios en alg\u00fan momento del siglo VI antes de Jesucristo. La pasi\u00f3n que expresa Jerem\u00edas en su texto pas\u00f3 con los siglos a formar parte de la liturgia y el culto celebrado en la Semana Santa.\u00a0Las Lamentaciones de Thomas Tallis, Tom\u00e1s Luis de Victoria o Carlo Gesualdo y\u00a0 las Lecciones de Tinieblas francesas, sobre todo las de Delalande y\u00a0 Couperin,\u00a0 se situan en la base del proyecto.El texto de las lecciones sigue al pie de la letra las Lamentaciones de Jerem\u00edas, numerando cada estrofa con las letras del alfabeto hebreo: Aleph, Beth,\u00a0 Guimel,\u00a0 Daleth\u2026 Al enunciar esa letra, carente de significado,\u00a0 se realizan toda una serie de \u00a0vocalizaciones, algunas muy ancladas todav\u00eda en la tradici\u00f3n lit\u00fargica medieval y otras,\u00a0 por el contrario,\u00a0 m\u00e1s decantadas hacia el virtuosismo, se crea un ritmo vertical que enlaza los distintos textos propiamente dichos.\u00a0 Es de esta doble lectura horizontal (vers\u00edculos)- vertical (letras hebreas) de la que parte Jos\u00e9 \u00c1ngel Valente para\u00a0 su poemario\u00a0<em>Tres lecciones de tinieblas<\/em>, canto de \u00abla germinaci\u00f3n y del origen o de la vida como inminencia y proximidad\u00bb.\u00a0 Esta obra po\u00e9tica ser\u00e1 la segunda base conceptual del proyecto.\u00a0La luminosidad de la m\u00fasica y la oscura densidad de los vers\u00edculos.\u00a0 Luz y\u00a0 oscuridad\u00a0 se convierten en los principios\u00a0 generadores de la obra,\u00a0 dot\u00e1ndolas de un concepto muy cercano a lo visual. Luz y oscuridad, tinieblas y luz. La luminosidad de la m\u00fasica y la oscuridad del texto, la abstracci\u00f3n de las letras hebreas y la m\u00e1gica figuraci\u00f3n de los versos de Valente,\u00a0 el\u00a0<em>tenebrario<\/em>\u00a0encendido del principio de los\u00a0<em>oficium tenebrae<\/em>\u00a0y la oscuridad total de su final. Manuel Enrique Bal\u00f3n Villar parte de este juego de contrarios\u00a0 y a trav\u00e9s de distintos medios (pintura, escultura, instalaci\u00f3n o v\u00eddeo) crea obras\u00a0\u00a0 donde los distintos lenguajes se superponen hasta crear un todo unitario<\/p>\n\n\n\n<figure class=\"wp-block-image size-large is-style-default\"><img loading=\"lazy\" decoding=\"async\" width=\"1024\" height=\"386\" src=\"https:\/\/manuelenriquebalon.es\/wp-content\/uploads\/2020\/10\/2_14-1024x386.jpg\" alt=\"\" class=\"wp-image-52\" srcset=\"https:\/\/manuelenriquebalon.es\/wp-content\/uploads\/2020\/10\/2_14-1024x386.jpg 1024w, https:\/\/manuelenriquebalon.es\/wp-content\/uploads\/2020\/10\/2_14-300x113.jpg 300w, https:\/\/manuelenriquebalon.es\/wp-content\/uploads\/2020\/10\/2_14-768x289.jpg 768w, https:\/\/manuelenriquebalon.es\/wp-content\/uploads\/2020\/10\/2_14.jpg 1091w\" sizes=\"(max-width: 706px) 89vw, (max-width: 767px) 82vw, 740px\" \/><\/figure>\n\n\n\n<p><em>\u00abAlef-Num\u00bb&nbsp;&nbsp;&nbsp;<\/em>y&nbsp; \u00ab<em>Tres lecciones de Tinieblas\u00bb&nbsp;<\/em>est\u00e1n ligados a la obra de Jos\u00e9 \u00c1ngel Valente.&nbsp; Acr\u00edlicos y tintas alternan luz y oscuridad, geometr\u00eda e informalismo, en una serie puramente abstracta.&nbsp; El formato de&nbsp; tr\u00edptico y&nbsp; de pol\u00edptico remite al retablo, pero tambi\u00e9n&nbsp; a la base de la obra de Valente, a la generaci\u00f3n simult\u00e1nea&nbsp; de lo \u00fanico y lo m\u00faltiple.<\/p>\n\n\n\n<figure class=\"wp-block-image size-large is-style-default\"><img loading=\"lazy\" decoding=\"async\" width=\"1024\" height=\"270\" src=\"https:\/\/manuelenriquebalon.es\/wp-content\/uploads\/2020\/10\/2_nun-copia-1024x270.jpg\" alt=\"\" class=\"wp-image-49\" srcset=\"https:\/\/manuelenriquebalon.es\/wp-content\/uploads\/2020\/10\/2_nun-copia-1024x270.jpg 1024w, https:\/\/manuelenriquebalon.es\/wp-content\/uploads\/2020\/10\/2_nun-copia-300x79.jpg 300w, https:\/\/manuelenriquebalon.es\/wp-content\/uploads\/2020\/10\/2_nun-copia-768x203.jpg 768w, https:\/\/manuelenriquebalon.es\/wp-content\/uploads\/2020\/10\/2_nun-copia-1536x405.jpg 1536w, https:\/\/manuelenriquebalon.es\/wp-content\/uploads\/2020\/10\/2_nun-copia.jpg 1600w\" sizes=\"(max-width: 706px) 89vw, (max-width: 767px) 82vw, 740px\" \/><figcaption>Acr\u00edlico y tinta sobre cart\u00f3n. Tres piezas de 50 x 70<\/figcaption><\/figure>\n\n\n\n<p>El tenebrario es el candelabro en el qu<em>e se\u00a0<\/em>colocaban las quince velas de los oficios de tinieblas,\u00a0\u00a0las quince velas que se ir\u00e1n apagando sucesivamente hasta llegar a la oscuridad total.\u00a0\u00a0En este caso,\u00a0<em>\u00abTenebrarium\u00bb\u00a0<\/em>\u00a0es una columna de corazones de metacrilato, unos transparentes y otros grises translucidos,que cuelgan\u00a0desde el techo de la sala hasta el suelo.<\/p>\n\n\n\n<figure class=\"wp-block-image size-large is-style-default\"><img loading=\"lazy\" decoding=\"async\" width=\"1024\" height=\"262\" src=\"https:\/\/manuelenriquebalon.es\/wp-content\/uploads\/2020\/10\/2_sietecor-copia-1024x262.jpg\" alt=\"\" class=\"wp-image-50\" srcset=\"https:\/\/manuelenriquebalon.es\/wp-content\/uploads\/2020\/10\/2_sietecor-copia-1024x262.jpg 1024w, https:\/\/manuelenriquebalon.es\/wp-content\/uploads\/2020\/10\/2_sietecor-copia-300x77.jpg 300w, https:\/\/manuelenriquebalon.es\/wp-content\/uploads\/2020\/10\/2_sietecor-copia-768x197.jpg 768w, https:\/\/manuelenriquebalon.es\/wp-content\/uploads\/2020\/10\/2_sietecor-copia-1536x394.jpg 1536w, https:\/\/manuelenriquebalon.es\/wp-content\/uploads\/2020\/10\/2_sietecor-copia.jpg 1600w\" sizes=\"(max-width: 706px) 89vw, (max-width: 767px) 82vw, 740px\" \/><figcaption>Siete corazones pertenecientes a  \u201cTenebrarium\u201d<\/figcaption><\/figure>\n\n\n\n<figure class=\"wp-block-image size-large is-style-default\"><img loading=\"lazy\" decoding=\"async\" width=\"1024\" height=\"577\" src=\"https:\/\/manuelenriquebalon.es\/wp-content\/uploads\/2020\/10\/2_Sin-titulo-1-copia-1024x577.jpg\" alt=\"\" class=\"wp-image-51\" srcset=\"https:\/\/manuelenriquebalon.es\/wp-content\/uploads\/2020\/10\/2_Sin-titulo-1-copia-1024x577.jpg 1024w, https:\/\/manuelenriquebalon.es\/wp-content\/uploads\/2020\/10\/2_Sin-titulo-1-copia-300x169.jpg 300w, https:\/\/manuelenriquebalon.es\/wp-content\/uploads\/2020\/10\/2_Sin-titulo-1-copia-768x432.jpg 768w, https:\/\/manuelenriquebalon.es\/wp-content\/uploads\/2020\/10\/2_Sin-titulo-1-copia.jpg 1126w\" sizes=\"(max-width: 706px) 89vw, (max-width: 767px) 82vw, 740px\" \/><figcaption>Mixta sobre papel. 40 x 30 cm cada pieza.<\/figcaption><\/figure>\n","protected":false},"excerpt":{"rendered":"<p>En la primavera de 2008, dentro del marco de FEMAS, \u00abLe poeme harmonique\u00bb interpretaba en la Iglesia de la Magdalena las Lecciones de tinieblas de Michel-Richard Delalande. Este concierto (casi una performance, al recrear la antigua liturgia barroca de los Oficium tenebrae), y el sobrecogimiento final, con las naves de la iglesia en completa oscuridad, &hellip; <\/p>\n<p class=\"link-more\"><a href=\"https:\/\/manuelenriquebalon.es\/index.php\/lecciones-de-tinieblas\/\" class=\"more-link\">Continuar leyendo<span class=\"screen-reader-text\"> \u00abLecciones de tinieblas.\u00bb<\/span><\/a><\/p>\n","protected":false},"author":1,"featured_media":0,"parent":0,"menu_order":0,"comment_status":"closed","ping_status":"closed","template":"","meta":{"footnotes":""},"class_list":["post-389","page","type-page","status-publish","hentry"],"yoast_head":"<!-- This site is optimized with the Yoast SEO plugin v24.1 - https:\/\/yoast.com\/wordpress\/plugins\/seo\/ -->\n<title>Lecciones de tinieblas. - Manuel Enrique Bal\u00f3n Villar<\/title>\n<meta name=\"robots\" content=\"index, follow, max-snippet:-1, max-image-preview:large, max-video-preview:-1\" \/>\n<link rel=\"canonical\" href=\"https:\/\/manuelenriquebalon.es\/index.php\/lecciones-de-tinieblas\/\" \/>\n<meta property=\"og:locale\" content=\"es_ES\" \/>\n<meta property=\"og:type\" content=\"article\" \/>\n<meta property=\"og:title\" content=\"Lecciones de tinieblas. - Manuel Enrique Bal\u00f3n Villar\" \/>\n<meta property=\"og:description\" content=\"En la primavera de 2008, dentro del marco de FEMAS, \u00abLe poeme harmonique\u00bb interpretaba en la Iglesia de la Magdalena las Lecciones de tinieblas de Michel-Richard Delalande. Este concierto (casi una performance, al recrear la antigua liturgia barroca de los Oficium tenebrae), y el sobrecogimiento final, con las naves de la iglesia en completa oscuridad, &hellip; Continuar leyendo &quot;Lecciones de tinieblas.&quot;\" \/>\n<meta property=\"og:url\" content=\"https:\/\/manuelenriquebalon.es\/index.php\/lecciones-de-tinieblas\/\" \/>\n<meta property=\"og:site_name\" content=\"Manuel Enrique Bal\u00f3n Villar\" \/>\n<meta property=\"article:modified_time\" content=\"2021-10-03T10:33:21+00:00\" \/>\n<meta property=\"og:image\" content=\"https:\/\/manuelenriquebalon.es\/wp-content\/uploads\/2020\/10\/2_14-1024x386.jpg\" \/>\n<meta name=\"twitter:card\" content=\"summary_large_image\" \/>\n<meta name=\"twitter:label1\" content=\"Tiempo de lectura\" \/>\n\t<meta name=\"twitter:data1\" content=\"3 minutos\" \/>\n<script type=\"application\/ld+json\" class=\"yoast-schema-graph\">{\"@context\":\"https:\/\/schema.org\",\"@graph\":[{\"@type\":\"WebPage\",\"@id\":\"https:\/\/manuelenriquebalon.es\/index.php\/lecciones-de-tinieblas\/\",\"url\":\"https:\/\/manuelenriquebalon.es\/index.php\/lecciones-de-tinieblas\/\",\"name\":\"Lecciones de tinieblas. - Manuel Enrique Bal\u00f3n Villar\",\"isPartOf\":{\"@id\":\"https:\/\/manuelenriquebalon.es\/#website\"},\"primaryImageOfPage\":{\"@id\":\"https:\/\/manuelenriquebalon.es\/index.php\/lecciones-de-tinieblas\/#primaryimage\"},\"image\":{\"@id\":\"https:\/\/manuelenriquebalon.es\/index.php\/lecciones-de-tinieblas\/#primaryimage\"},\"thumbnailUrl\":\"https:\/\/manuelenriquebalon.es\/wp-content\/uploads\/2020\/10\/2_14-1024x386.jpg\",\"datePublished\":\"2021-10-03T09:52:08+00:00\",\"dateModified\":\"2021-10-03T10:33:21+00:00\",\"breadcrumb\":{\"@id\":\"https:\/\/manuelenriquebalon.es\/index.php\/lecciones-de-tinieblas\/#breadcrumb\"},\"inLanguage\":\"es\",\"potentialAction\":[{\"@type\":\"ReadAction\",\"target\":[\"https:\/\/manuelenriquebalon.es\/index.php\/lecciones-de-tinieblas\/\"]}]},{\"@type\":\"ImageObject\",\"inLanguage\":\"es\",\"@id\":\"https:\/\/manuelenriquebalon.es\/index.php\/lecciones-de-tinieblas\/#primaryimage\",\"url\":\"https:\/\/manuelenriquebalon.es\/wp-content\/uploads\/2020\/10\/2_14.jpg\",\"contentUrl\":\"https:\/\/manuelenriquebalon.es\/wp-content\/uploads\/2020\/10\/2_14.jpg\",\"width\":1091,\"height\":411},{\"@type\":\"BreadcrumbList\",\"@id\":\"https:\/\/manuelenriquebalon.es\/index.php\/lecciones-de-tinieblas\/#breadcrumb\",\"itemListElement\":[{\"@type\":\"ListItem\",\"position\":1,\"name\":\"Home\",\"item\":\"https:\/\/manuelenriquebalon.es\/\"},{\"@type\":\"ListItem\",\"position\":2,\"name\":\"Lecciones de tinieblas.\"}]},{\"@type\":\"WebSite\",\"@id\":\"https:\/\/manuelenriquebalon.es\/#website\",\"url\":\"https:\/\/manuelenriquebalon.es\/\",\"name\":\"Manuel Enrique Bal\u00f3n Villar\",\"description\":\"Sevilla\",\"potentialAction\":[{\"@type\":\"SearchAction\",\"target\":{\"@type\":\"EntryPoint\",\"urlTemplate\":\"https:\/\/manuelenriquebalon.es\/?s={search_term_string}\"},\"query-input\":{\"@type\":\"PropertyValueSpecification\",\"valueRequired\":true,\"valueName\":\"search_term_string\"}}],\"inLanguage\":\"es\"}]}<\/script>\n<!-- \/ Yoast SEO plugin. -->","yoast_head_json":{"title":"Lecciones de tinieblas. - Manuel Enrique Bal\u00f3n Villar","robots":{"index":"index","follow":"follow","max-snippet":"max-snippet:-1","max-image-preview":"max-image-preview:large","max-video-preview":"max-video-preview:-1"},"canonical":"https:\/\/manuelenriquebalon.es\/index.php\/lecciones-de-tinieblas\/","og_locale":"es_ES","og_type":"article","og_title":"Lecciones de tinieblas. - Manuel Enrique Bal\u00f3n Villar","og_description":"En la primavera de 2008, dentro del marco de FEMAS, \u00abLe poeme harmonique\u00bb interpretaba en la Iglesia de la Magdalena las Lecciones de tinieblas de Michel-Richard Delalande. Este concierto (casi una performance, al recrear la antigua liturgia barroca de los Oficium tenebrae), y el sobrecogimiento final, con las naves de la iglesia en completa oscuridad, &hellip; Continuar leyendo \"Lecciones de tinieblas.\"","og_url":"https:\/\/manuelenriquebalon.es\/index.php\/lecciones-de-tinieblas\/","og_site_name":"Manuel Enrique Bal\u00f3n Villar","article_modified_time":"2021-10-03T10:33:21+00:00","og_image":[{"url":"https:\/\/manuelenriquebalon.es\/wp-content\/uploads\/2020\/10\/2_14-1024x386.jpg","type":"","width":"","height":""}],"twitter_card":"summary_large_image","twitter_misc":{"Tiempo de lectura":"3 minutos"},"schema":{"@context":"https:\/\/schema.org","@graph":[{"@type":"WebPage","@id":"https:\/\/manuelenriquebalon.es\/index.php\/lecciones-de-tinieblas\/","url":"https:\/\/manuelenriquebalon.es\/index.php\/lecciones-de-tinieblas\/","name":"Lecciones de tinieblas. - Manuel Enrique Bal\u00f3n Villar","isPartOf":{"@id":"https:\/\/manuelenriquebalon.es\/#website"},"primaryImageOfPage":{"@id":"https:\/\/manuelenriquebalon.es\/index.php\/lecciones-de-tinieblas\/#primaryimage"},"image":{"@id":"https:\/\/manuelenriquebalon.es\/index.php\/lecciones-de-tinieblas\/#primaryimage"},"thumbnailUrl":"https:\/\/manuelenriquebalon.es\/wp-content\/uploads\/2020\/10\/2_14-1024x386.jpg","datePublished":"2021-10-03T09:52:08+00:00","dateModified":"2021-10-03T10:33:21+00:00","breadcrumb":{"@id":"https:\/\/manuelenriquebalon.es\/index.php\/lecciones-de-tinieblas\/#breadcrumb"},"inLanguage":"es","potentialAction":[{"@type":"ReadAction","target":["https:\/\/manuelenriquebalon.es\/index.php\/lecciones-de-tinieblas\/"]}]},{"@type":"ImageObject","inLanguage":"es","@id":"https:\/\/manuelenriquebalon.es\/index.php\/lecciones-de-tinieblas\/#primaryimage","url":"https:\/\/manuelenriquebalon.es\/wp-content\/uploads\/2020\/10\/2_14.jpg","contentUrl":"https:\/\/manuelenriquebalon.es\/wp-content\/uploads\/2020\/10\/2_14.jpg","width":1091,"height":411},{"@type":"BreadcrumbList","@id":"https:\/\/manuelenriquebalon.es\/index.php\/lecciones-de-tinieblas\/#breadcrumb","itemListElement":[{"@type":"ListItem","position":1,"name":"Home","item":"https:\/\/manuelenriquebalon.es\/"},{"@type":"ListItem","position":2,"name":"Lecciones de tinieblas."}]},{"@type":"WebSite","@id":"https:\/\/manuelenriquebalon.es\/#website","url":"https:\/\/manuelenriquebalon.es\/","name":"Manuel Enrique Bal\u00f3n Villar","description":"Sevilla","potentialAction":[{"@type":"SearchAction","target":{"@type":"EntryPoint","urlTemplate":"https:\/\/manuelenriquebalon.es\/?s={search_term_string}"},"query-input":{"@type":"PropertyValueSpecification","valueRequired":true,"valueName":"search_term_string"}}],"inLanguage":"es"}]}},"jetpack_sharing_enabled":true,"_links":{"self":[{"href":"https:\/\/manuelenriquebalon.es\/index.php\/wp-json\/wp\/v2\/pages\/389"}],"collection":[{"href":"https:\/\/manuelenriquebalon.es\/index.php\/wp-json\/wp\/v2\/pages"}],"about":[{"href":"https:\/\/manuelenriquebalon.es\/index.php\/wp-json\/wp\/v2\/types\/page"}],"author":[{"embeddable":true,"href":"https:\/\/manuelenriquebalon.es\/index.php\/wp-json\/wp\/v2\/users\/1"}],"replies":[{"embeddable":true,"href":"https:\/\/manuelenriquebalon.es\/index.php\/wp-json\/wp\/v2\/comments?post=389"}],"version-history":[{"count":2,"href":"https:\/\/manuelenriquebalon.es\/index.php\/wp-json\/wp\/v2\/pages\/389\/revisions"}],"predecessor-version":[{"id":394,"href":"https:\/\/manuelenriquebalon.es\/index.php\/wp-json\/wp\/v2\/pages\/389\/revisions\/394"}],"wp:attachment":[{"href":"https:\/\/manuelenriquebalon.es\/index.php\/wp-json\/wp\/v2\/media?parent=389"}],"curies":[{"name":"wp","href":"https:\/\/api.w.org\/{rel}","templated":true}]}}